{"id":3301,"date":"2025-10-24T09:57:48","date_gmt":"2025-10-24T07:57:48","guid":{"rendered":"https:\/\/xabianegra.com\/ruta-teatralizada"},"modified":"2025-10-24T09:57:48","modified_gmt":"2025-10-24T07:57:48","slug":"ruta-teatralizada","status":"publish","type":"page","link":"https:\/\/xabianegra.com\/ca\/ruta-teatralizada","title":{"rendered":"RUTA TEATRALIZADA"},"content":{"rendered":"\t\t<div data-elementor-type=\"wp-page\" data-elementor-id=\"3301\" class=\"elementor elementor-3301\" data-elementor-post-type=\"page\">\n\t\t\t\t\t\t<section class=\"elementor-section elementor-top-section elementor-element elementor-element-2866c071 elementor-section-height-min-height elementor-section-content-middle elementor-section-boxed elementor-section-height-default elementor-section-items-middle\" data-id=\"2866c071\" data-element_type=\"section\" data-settings=\"{&quot;background_background&quot;:&quot;classic&quot;}\">\n\t\t\t\t\t\t\t<div class=\"elementor-background-overlay\"><\/div>\n\t\t\t\t\t\t\t<div class=\"elementor-container elementor-column-gap-no\">\n\t\t\t\t\t<div class=\"elementor-column elementor-col-100 elementor-top-column elementor-element elementor-element-6c12ea1a\" data-id=\"6c12ea1a\" data-element_type=\"column\" data-settings=\"{&quot;background_background&quot;:&quot;classic&quot;,&quot;background_motion_fx_motion_fx_scrolling&quot;:&quot;yes&quot;,&quot;background_motion_fx_translateY_effect&quot;:&quot;yes&quot;,&quot;background_motion_fx_translateY_direction&quot;:&quot;negative&quot;,&quot;background_motion_fx_translateY_speed&quot;:{&quot;unit&quot;:&quot;px&quot;,&quot;size&quot;:&quot;2.5&quot;,&quot;sizes&quot;:[]},&quot;background_motion_fx_translateY_affectedRange&quot;:{&quot;unit&quot;:&quot;%&quot;,&quot;size&quot;:&quot;&quot;,&quot;sizes&quot;:{&quot;start&quot;:0,&quot;end&quot;:100}},&quot;background_motion_fx_devices&quot;:[&quot;desktop&quot;,&quot;tablet&quot;,&quot;mobile&quot;]}\">\n\t\t\t<div class=\"elementor-widget-wrap elementor-element-populated\">\n\t\t\t\t\t<div class=\"elementor-background-overlay\"><\/div>\n\t\t\t\t\t\t<div class=\"elementor-element elementor-element-3a31304f animated-slow elementor-widget__width-initial elementor-invisible elementor-widget elementor-widget-heading\" data-id=\"3a31304f\" data-element_type=\"widget\" data-settings=\"{&quot;_animation&quot;:&quot;fadeIn&quot;}\" data-widget_type=\"heading.default\">\n\t\t\t\t<div class=\"elementor-widget-container\">\n\t\t\t<h1 class=\"elementor-heading-title elementor-size-default\">RUTA TEATRALIZADA<\/h1>\t\t<\/div>\n\t\t\t\t<\/div>\n\t\t\t\t<div class=\"elementor-element elementor-element-e653fcb elementor-shape-square elementor-grid-1 elementor-widget__width-auto elementor-fixed e-grid-align-center elementor-widget elementor-widget-social-icons\" data-id=\"e653fcb\" data-element_type=\"widget\" data-settings=\"{&quot;_position&quot;:&quot;fixed&quot;}\" data-widget_type=\"social-icons.default\">\n\t\t\t\t<div class=\"elementor-widget-container\">\n\t\t\t\t\t<div class=\"elementor-social-icons-wrapper elementor-grid\">\n\t\t\t\t\t\t\t<span class=\"elementor-grid-item\">\n\t\t\t\t\t<a class=\"elementor-icon elementor-social-icon elementor-social-icon-instagram elementor-repeater-item-f90d36f\" href=\"https:\/\/www.instagram.com\/xabianegra\/\" target=\"_blank\">\n\t\t\t\t\t\t<span class=\"elementor-screen-only\">Instagram<\/span>\n\t\t\t\t\t\t<i class=\"fab fa-instagram\"><\/i>\t\t\t\t\t<\/a>\n\t\t\t\t<\/span>\n\t\t\t\t\t\t\t<span class=\"elementor-grid-item\">\n\t\t\t\t\t<a class=\"elementor-icon elementor-social-icon elementor-social-icon-twitter elementor-repeater-item-e3500c5\" href=\"https:\/\/twitter.com\/XabiaNegraFest\" target=\"_blank\">\n\t\t\t\t\t\t<span class=\"elementor-screen-only\">Twitter<\/span>\n\t\t\t\t\t\t<i class=\"fab fa-twitter\"><\/i>\t\t\t\t\t<\/a>\n\t\t\t\t<\/span>\n\t\t\t\t\t\t\t<span class=\"elementor-grid-item\">\n\t\t\t\t\t<a class=\"elementor-icon elementor-social-icon elementor-social-icon-facebook-f elementor-repeater-item-63c08dc\" href=\"https:\/\/m.facebook.com\/XabiaNegra\" target=\"_blank\">\n\t\t\t\t\t\t<span class=\"elementor-screen-only\">Facebook-f<\/span>\n\t\t\t\t\t\t<i class=\"fab fa-facebook-f\"><\/i>\t\t\t\t\t<\/a>\n\t\t\t\t<\/span>\n\t\t\t\t\t<\/div>\n\t\t\t\t<\/div>\n\t\t\t\t<\/div>\n\t\t\t\t<div class=\"elementor-element elementor-element-2a2fbd8 elementor-widget elementor-widget-heading\" data-id=\"2a2fbd8\" data-element_type=\"widget\" data-widget_type=\"heading.default\">\n\t\t\t\t<div class=\"elementor-widget-container\">\n\t\t\t<h2 class=\"elementor-heading-title elementor-size-default\">La Criminala. Una trag\u00e8dia mediterr\u00e0nia<\/h2>\t\t<\/div>\n\t\t\t\t<\/div>\n\t\t\t\t\t<\/div>\n\t\t<\/div>\n\t\t\t\t\t<\/div>\n\t\t<\/section>\n\t\t\t\t<section class=\"elementor-section elementor-top-section elementor-element elementor-element-3c29b56e elementor-section-items-top elementor-section-content-middle elementor-section-height-min-height elementor-section-boxed elementor-section-height-default\" data-id=\"3c29b56e\" data-element_type=\"section\" data-settings=\"{&quot;background_background&quot;:&quot;classic&quot;}\">\n\t\t\t\t\t\t\t<div class=\"elementor-background-overlay\"><\/div>\n\t\t\t\t\t\t\t<div class=\"elementor-container elementor-column-gap-default\">\n\t\t\t\t\t<div class=\"elementor-column elementor-col-100 elementor-top-column elementor-element elementor-element-633c6a4e\" data-id=\"633c6a4e\" data-element_type=\"column\">\n\t\t\t<div class=\"elementor-widget-wrap elementor-element-populated\">\n\t\t\t\t\t\t<div class=\"elementor-element elementor-element-9206d72 elementor-hidden-mobile elementor-widget elementor-widget-spacer\" data-id=\"9206d72\" data-element_type=\"widget\" data-widget_type=\"spacer.default\">\n\t\t\t\t<div class=\"elementor-widget-container\">\n\t\t\t\t\t<div class=\"elementor-spacer\">\n\t\t\t<div class=\"elementor-spacer-inner\"><\/div>\n\t\t<\/div>\n\t\t\t\t<\/div>\n\t\t\t\t<\/div>\n\t\t\t\t<div class=\"elementor-element elementor-element-711ada19 elementor-widget elementor-widget-heading\" data-id=\"711ada19\" data-element_type=\"widget\" data-widget_type=\"heading.default\">\n\t\t\t\t<div class=\"elementor-widget-container\">\n\t\t\t<h2 class=\"elementor-heading-title elementor-size-default\">Ruta gratu\u00efta dins del festival X\u00e0bia Negra.<\/h2>\t\t<\/div>\n\t\t\t\t<\/div>\n\t\t\t\t<section class=\"elementor-section elementor-inner-section elementor-element elementor-element-7563c34 elementor-section-boxed elementor-section-height-default elementor-section-height-default\" data-id=\"7563c34\" data-element_type=\"section\">\n\t\t\t\t\t\t<div class=\"elementor-container elementor-column-gap-default\">\n\t\t\t\t\t<div class=\"elementor-column elementor-col-100 elementor-inner-column elementor-element elementor-element-aa40f55\" data-id=\"aa40f55\" data-element_type=\"column\">\n\t\t\t<div class=\"elementor-widget-wrap elementor-element-populated\">\n\t\t\t\t\t\t<div class=\"elementor-element elementor-element-0f2e59a elementor-widget elementor-widget-text-editor\" data-id=\"0f2e59a\" data-element_type=\"widget\" data-widget_type=\"text-editor.default\">\n\t\t\t\t<div class=\"elementor-widget-container\">\n\t\t\t\t\t\t\t<p>Inspirada en fets reals, aquesta ruta teatralitzada recorda una aut\u00e8ntica trag\u00e8dia mediterr\u00e0nia. \u00darsula, coneguda a X\u00e0bia com La Criminala, protagonitza un relat fatal i colpidor: la trag\u00e8dia l\u2019acompanya i els d\u00e9us semblen encantats. La seua confessi\u00f3 \u00e9s p\u00fablica i el seu c\u00e0stig, terrible.<\/p>\t\t\t\t\t\t<\/div>\n\t\t\t\t<\/div>\n\t\t\t\t\t<\/div>\n\t\t<\/div>\n\t\t\t\t\t<\/div>\n\t\t<\/section>\n\t\t\t\t<section class=\"elementor-section elementor-inner-section elementor-element elementor-element-f53ddc7 elementor-section-boxed elementor-section-height-default elementor-section-height-default\" data-id=\"f53ddc7\" data-element_type=\"section\">\n\t\t\t\t\t\t<div class=\"elementor-container elementor-column-gap-default\">\n\t\t\t\t\t<div class=\"elementor-column elementor-col-50 elementor-inner-column elementor-element elementor-element-a9a1cd1\" data-id=\"a9a1cd1\" data-element_type=\"column\">\n\t\t\t<div class=\"elementor-widget-wrap elementor-element-populated\">\n\t\t\t\t\t\t<div class=\"elementor-element elementor-element-45b8671 elementor-widget elementor-widget-text-editor\" data-id=\"45b8671\" data-element_type=\"widget\" data-widget_type=\"text-editor.default\">\n\t\t\t\t<div class=\"elementor-widget-container\">\n\t\t\t\t\t\t\t<p><span style=\"color: #00ccff;\"><strong>Lloc de trobada:<\/strong><\/span> <br \/><span style=\"text-decoration: underline;\"><a href=\"https:\/\/maps.app.goo.gl\/aQTV5YeerZActyiD8\" target=\"_blank\" rel=\"noopener\">Plaza de la Iglesia, Porta de l\u2019Ajuntament &gt;&gt;<\/a><\/span><\/p><p><span style=\"color: #00ccff;\"><strong>Duraci\u00f3:<\/strong> <\/span>75 minuts<\/p><p><span style=\"color: #00ccff;\"><strong>Aforament:<\/strong><\/span> 35 persones<\/p><p><span style=\"color: #00ccff;\"><strong>Edat recomanada:<\/strong> <\/span>majors de 10 anys<\/p><p><span style=\"color: #00ccff;\"><strong>Llengua:<\/strong><\/span> Valenci\u00e0<\/p>\t\t\t\t\t\t<\/div>\n\t\t\t\t<\/div>\n\t\t\t\t<div class=\"elementor-element elementor-element-d55c008 elementor-button-info elementor-widget elementor-widget-button\" data-id=\"d55c008\" data-element_type=\"widget\" data-widget_type=\"button.default\">\n\t\t\t\t<div class=\"elementor-widget-container\">\n\t\t\t\t\t\t\t<div class=\"elementor-button-wrapper\">\n\t\t\t\t\t<a class=\"elementor-button elementor-button-link elementor-size-sm\" href=\"https:\/\/forms.gle\/a3LN1Du3g1gvnNo6\">\n\t\t\t\t\t\t<span class=\"elementor-button-content-wrapper\">\n\t\t\t\t\t\t\t\t\t<span class=\"elementor-button-text\">INSCRIU-TE AC\u00cd<\/span>\n\t\t\t\t\t<\/span>\n\t\t\t\t\t<\/a>\n\t\t\t\t<\/div>\n\t\t\t\t\t\t<\/div>\n\t\t\t\t<\/div>\n\t\t\t\t<div class=\"elementor-element elementor-element-5582419 elementor-widget elementor-widget-text-editor\" data-id=\"5582419\" data-element_type=\"widget\" data-widget_type=\"text-editor.default\">\n\t\t\t\t<div class=\"elementor-widget-container\">\n\t\t\t\t\t\t\t<p><strong>Qualsevol dubte o consulta<\/strong><\/p><p><span style=\"color: #00ccff;\"><strong>Mail:<\/strong> <\/span>santiinocencio@gmail.com<\/p><p><span style=\"color: #00ccff;\"><strong>WhatsApp de contacte:<\/strong> <\/span><strong>685148915<\/strong><\/p>\t\t\t\t\t\t<\/div>\n\t\t\t\t<\/div>\n\t\t\t\t\t<\/div>\n\t\t<\/div>\n\t\t\t\t<div class=\"elementor-column elementor-col-50 elementor-inner-column elementor-element elementor-element-c5c38e2\" data-id=\"c5c38e2\" data-element_type=\"column\">\n\t\t\t<div class=\"elementor-widget-wrap elementor-element-populated\">\n\t\t\t\t\t\t<div class=\"elementor-element elementor-element-1d5b812 elementor-widget elementor-widget-image\" data-id=\"1d5b812\" data-element_type=\"widget\" data-widget_type=\"image.default\">\n\t\t\t\t<div class=\"elementor-widget-container\">\n\t\t\t\t\t\t\t\t\t\t\t\t\t<img fetchpriority=\"high\" decoding=\"async\" width=\"800\" height=\"551\" src=\"https:\/\/xabianegra.com\/wp-content\/uploads\/2025\/10\/mapa-ruta-teatralizada-1024x705.jpg\" class=\"attachment-large size-large wp-image-3295\" alt=\"\" srcset=\"https:\/\/xabianegra.com\/wp-content\/uploads\/2025\/10\/mapa-ruta-teatralizada-1024x705.jpg 1024w, https:\/\/xabianegra.com\/wp-content\/uploads\/2025\/10\/mapa-ruta-teatralizada-300x206.jpg 300w, https:\/\/xabianegra.com\/wp-content\/uploads\/2025\/10\/mapa-ruta-teatralizada-768x528.jpg 768w, https:\/\/xabianegra.com\/wp-content\/uploads\/2025\/10\/mapa-ruta-teatralizada-1536x1057.jpg 1536w, https:\/\/xabianegra.com\/wp-content\/uploads\/2025\/10\/mapa-ruta-teatralizada.jpg 2048w\" sizes=\"(max-width: 800px) 100vw, 800px\" \/>\t\t\t\t\t\t\t\t\t\t\t\t\t<\/div>\n\t\t\t\t<\/div>\n\t\t\t\t\t<\/div>\n\t\t<\/div>\n\t\t\t\t\t<\/div>\n\t\t<\/section>\n\t\t\t\t\t<\/div>\n\t\t<\/div>\n\t\t\t\t\t<\/div>\n\t\t<\/section>\n\t\t\t\t<\/div>\n\t\t","protected":false},"excerpt":{"rendered":"<p>RUTA TEATRALIZADA Instagram Twitter Facebook-f La Criminala. Una trag\u00e8dia mediterr\u00e0nia Ruta gratu\u00efta dins del festival X\u00e0bia Negra. Inspirada en fets reals, aquesta ruta teatralitzada recorda una aut\u00e8ntica trag\u00e8dia mediterr\u00e0nia. \u00darsula, coneguda a X\u00e0bia com La Criminala, protagonitza un relat fatal i colpidor: la trag\u00e8dia l\u2019acompanya i els d\u00e9us semblen encantats. La seua confessi\u00f3 \u00e9s p\u00fablica [&hellip;]<\/p>\n","protected":false},"author":1,"featured_media":3148,"parent":0,"menu_order":0,"comment_status":"closed","ping_status":"closed","template":"elementor_header_footer","meta":{"footnotes":""},"class_list":["post-3301","page","type-page","status-publish","has-post-thumbnail","hentry"],"yoast_head":"<!-- This site is optimized with the Yoast SEO plugin v24.0 - https:\/\/yoast.com\/wordpress\/plugins\/seo\/ -->\n<title>RUTA TEATRALIZADA - X\u00c0BIA NEGRA<\/title>\n<meta name=\"robots\" content=\"noindex, follow, max-snippet:-1, max-image-preview:large, max-video-preview:-1\" \/>\n<meta property=\"og:locale\" content=\"ca_ES\" \/>\n<meta property=\"og:type\" content=\"article\" \/>\n<meta property=\"og:title\" content=\"RUTA TEATRALIZADA - X\u00c0BIA NEGRA\" \/>\n<meta property=\"og:description\" content=\"RUTA TEATRALIZADA Instagram Twitter Facebook-f La Criminala. Una trag\u00e8dia mediterr\u00e0nia Ruta gratu\u00efta dins del festival X\u00e0bia Negra. Inspirada en fets reals, aquesta ruta teatralitzada recorda una aut\u00e8ntica trag\u00e8dia mediterr\u00e0nia. \u00darsula, coneguda a X\u00e0bia com La Criminala, protagonitza un relat fatal i colpidor: la trag\u00e8dia l\u2019acompanya i els d\u00e9us semblen encantats. La seua confessi\u00f3 \u00e9s p\u00fablica [&hellip;]\" \/>\n<meta property=\"og:url\" content=\"https:\/\/xabianegra.com\/ruta-teatralizada\" \/>\n<meta property=\"og:site_name\" content=\"X\u00c0BIA NEGRA\" \/>\n<meta property=\"article:publisher\" content=\"https:\/\/m.facebook.com\/XabiaNegra\" \/>\n<meta property=\"og:image\" content=\"https:\/\/xabianegra.com\/wp-content\/uploads\/2025\/10\/mapa-ruta-teatralizada-1024x705.jpg\" \/>\n<meta name=\"twitter:card\" content=\"summary_large_image\" \/>\n<meta name=\"twitter:site\" content=\"@XabiaNegraFest\" \/>\n<meta name=\"twitter:label1\" content=\"Temps estimat de lectura\" \/>\n\t<meta name=\"twitter:data1\" content=\"1 minut\" \/>\n<script type=\"application\/ld+json\" class=\"yoast-schema-graph\">{\"@context\":\"https:\/\/schema.org\",\"@graph\":[{\"@type\":\"WebPage\",\"@id\":\"https:\/\/xabianegra.com\/ruta-teatralizada\",\"url\":\"https:\/\/xabianegra.com\/ruta-teatralizada\",\"name\":\"RUTA TEATRALIZADA - X\u00c0BIA NEGRA\",\"isPartOf\":{\"@id\":\"https:\/\/xabianegra.com\/#website\"},\"primaryImageOfPage\":{\"@id\":\"https:\/\/xabianegra.com\/ruta-teatralizada#primaryimage\"},\"image\":{\"@id\":\"https:\/\/xabianegra.com\/ruta-teatralizada#primaryimage\"},\"thumbnailUrl\":\"https:\/\/xabianegra.com\/wp-content\/uploads\/2025\/10\/IMAGEN-XN-2025-BANNER.png\",\"datePublished\":\"2025-10-24T07:57:48+00:00\",\"dateModified\":\"2025-10-24T07:57:48+00:00\",\"breadcrumb\":{\"@id\":\"https:\/\/xabianegra.com\/ruta-teatralizada#breadcrumb\"},\"inLanguage\":\"ca\",\"potentialAction\":[{\"@type\":\"ReadAction\",\"target\":[\"https:\/\/xabianegra.com\/ruta-teatralizada\"]}]},{\"@type\":\"ImageObject\",\"inLanguage\":\"ca\",\"@id\":\"https:\/\/xabianegra.com\/ruta-teatralizada#primaryimage\",\"url\":\"https:\/\/xabianegra.com\/wp-content\/uploads\/2025\/10\/IMAGEN-XN-2025-BANNER.png\",\"contentUrl\":\"https:\/\/xabianegra.com\/wp-content\/uploads\/2025\/10\/IMAGEN-XN-2025-BANNER.png\",\"width\":2000,\"height\":961},{\"@type\":\"BreadcrumbList\",\"@id\":\"https:\/\/xabianegra.com\/ruta-teatralizada#breadcrumb\",\"itemListElement\":[{\"@type\":\"ListItem\",\"position\":1,\"name\":\"Portada\",\"item\":\"https:\/\/xabianegra.com\/ca\"},{\"@type\":\"ListItem\",\"position\":2,\"name\":\"RUTA TEATRALIZADA\"}]},{\"@type\":\"WebSite\",\"@id\":\"https:\/\/xabianegra.com\/#website\",\"url\":\"https:\/\/xabianegra.com\/\",\"name\":\"X\u00c0BIA NEGRA\",\"description\":\"Festival de novel\u00b7la negra\",\"publisher\":{\"@id\":\"https:\/\/xabianegra.com\/#organization\"},\"potentialAction\":[{\"@type\":\"SearchAction\",\"target\":{\"@type\":\"EntryPoint\",\"urlTemplate\":\"https:\/\/xabianegra.com\/?s={search_term_string}\"},\"query-input\":{\"@type\":\"PropertyValueSpecification\",\"valueRequired\":true,\"valueName\":\"search_term_string\"}}],\"inLanguage\":\"ca\"},{\"@type\":\"Organization\",\"@id\":\"https:\/\/xabianegra.com\/#organization\",\"name\":\"X\u00e0bia Negra\",\"url\":\"https:\/\/xabianegra.com\/\",\"logo\":{\"@type\":\"ImageObject\",\"inLanguage\":\"ca\",\"@id\":\"https:\/\/xabianegra.com\/#\/schema\/logo\/image\/\",\"url\":\"https:\/\/xabianegra.com\/wp-content\/uploads\/2021\/10\/ICONO-XABIA_NEGRA.png\",\"contentUrl\":\"https:\/\/xabianegra.com\/wp-content\/uploads\/2021\/10\/ICONO-XABIA_NEGRA.png\",\"width\":181,\"height\":181,\"caption\":\"X\u00e0bia Negra\"},\"image\":{\"@id\":\"https:\/\/xabianegra.com\/#\/schema\/logo\/image\/\"},\"sameAs\":[\"https:\/\/m.facebook.com\/XabiaNegra\",\"https:\/\/x.com\/XabiaNegraFest\",\"https:\/\/www.instagram.com\/xabianegra\/\"]}]}<\/script>\n<!-- \/ Yoast SEO plugin. -->","yoast_head_json":{"title":"RUTA TEATRALIZADA - X\u00c0BIA NEGRA","robots":{"index":"noindex","follow":"follow","max-snippet":"max-snippet:-1","max-image-preview":"max-image-preview:large","max-video-preview":"max-video-preview:-1"},"og_locale":"ca_ES","og_type":"article","og_title":"RUTA TEATRALIZADA - X\u00c0BIA NEGRA","og_description":"RUTA TEATRALIZADA Instagram Twitter Facebook-f La Criminala. Una trag\u00e8dia mediterr\u00e0nia Ruta gratu\u00efta dins del festival X\u00e0bia Negra. Inspirada en fets reals, aquesta ruta teatralitzada recorda una aut\u00e8ntica trag\u00e8dia mediterr\u00e0nia. \u00darsula, coneguda a X\u00e0bia com La Criminala, protagonitza un relat fatal i colpidor: la trag\u00e8dia l\u2019acompanya i els d\u00e9us semblen encantats. La seua confessi\u00f3 \u00e9s p\u00fablica [&hellip;]","og_url":"https:\/\/xabianegra.com\/ruta-teatralizada","og_site_name":"X\u00c0BIA NEGRA","article_publisher":"https:\/\/m.facebook.com\/XabiaNegra","og_image":[{"url":"https:\/\/xabianegra.com\/wp-content\/uploads\/2025\/10\/mapa-ruta-teatralizada-1024x705.jpg","type":"","width":"","height":""}],"twitter_card":"summary_large_image","twitter_site":"@XabiaNegraFest","twitter_misc":{"Temps estimat de lectura":"1 minut"},"schema":{"@context":"https:\/\/schema.org","@graph":[{"@type":"WebPage","@id":"https:\/\/xabianegra.com\/ruta-teatralizada","url":"https:\/\/xabianegra.com\/ruta-teatralizada","name":"RUTA TEATRALIZADA - X\u00c0BIA NEGRA","isPartOf":{"@id":"https:\/\/xabianegra.com\/#website"},"primaryImageOfPage":{"@id":"https:\/\/xabianegra.com\/ruta-teatralizada#primaryimage"},"image":{"@id":"https:\/\/xabianegra.com\/ruta-teatralizada#primaryimage"},"thumbnailUrl":"https:\/\/xabianegra.com\/wp-content\/uploads\/2025\/10\/IMAGEN-XN-2025-BANNER.png","datePublished":"2025-10-24T07:57:48+00:00","dateModified":"2025-10-24T07:57:48+00:00","breadcrumb":{"@id":"https:\/\/xabianegra.com\/ruta-teatralizada#breadcrumb"},"inLanguage":"ca","potentialAction":[{"@type":"ReadAction","target":["https:\/\/xabianegra.com\/ruta-teatralizada"]}]},{"@type":"ImageObject","inLanguage":"ca","@id":"https:\/\/xabianegra.com\/ruta-teatralizada#primaryimage","url":"https:\/\/xabianegra.com\/wp-content\/uploads\/2025\/10\/IMAGEN-XN-2025-BANNER.png","contentUrl":"https:\/\/xabianegra.com\/wp-content\/uploads\/2025\/10\/IMAGEN-XN-2025-BANNER.png","width":2000,"height":961},{"@type":"BreadcrumbList","@id":"https:\/\/xabianegra.com\/ruta-teatralizada#breadcrumb","itemListElement":[{"@type":"ListItem","position":1,"name":"Portada","item":"https:\/\/xabianegra.com\/ca"},{"@type":"ListItem","position":2,"name":"RUTA TEATRALIZADA"}]},{"@type":"WebSite","@id":"https:\/\/xabianegra.com\/#website","url":"https:\/\/xabianegra.com\/","name":"X\u00c0BIA NEGRA","description":"Festival de novel\u00b7la negra","publisher":{"@id":"https:\/\/xabianegra.com\/#organization"},"potentialAction":[{"@type":"SearchAction","target":{"@type":"EntryPoint","urlTemplate":"https:\/\/xabianegra.com\/?s={search_term_string}"},"query-input":{"@type":"PropertyValueSpecification","valueRequired":true,"valueName":"search_term_string"}}],"inLanguage":"ca"},{"@type":"Organization","@id":"https:\/\/xabianegra.com\/#organization","name":"X\u00e0bia Negra","url":"https:\/\/xabianegra.com\/","logo":{"@type":"ImageObject","inLanguage":"ca","@id":"https:\/\/xabianegra.com\/#\/schema\/logo\/image\/","url":"https:\/\/xabianegra.com\/wp-content\/uploads\/2021\/10\/ICONO-XABIA_NEGRA.png","contentUrl":"https:\/\/xabianegra.com\/wp-content\/uploads\/2021\/10\/ICONO-XABIA_NEGRA.png","width":181,"height":181,"caption":"X\u00e0bia Negra"},"image":{"@id":"https:\/\/xabianegra.com\/#\/schema\/logo\/image\/"},"sameAs":["https:\/\/m.facebook.com\/XabiaNegra","https:\/\/x.com\/XabiaNegraFest","https:\/\/www.instagram.com\/xabianegra\/"]}]}},"_links":{"self":[{"href":"https:\/\/xabianegra.com\/ca\/wp-json\/wp\/v2\/pages\/3301","targetHints":{"allow":["GET"]}}],"collection":[{"href":"https:\/\/xabianegra.com\/ca\/wp-json\/wp\/v2\/pages"}],"about":[{"href":"https:\/\/xabianegra.com\/ca\/wp-json\/wp\/v2\/types\/page"}],"author":[{"embeddable":true,"href":"https:\/\/xabianegra.com\/ca\/wp-json\/wp\/v2\/users\/1"}],"replies":[{"embeddable":true,"href":"https:\/\/xabianegra.com\/ca\/wp-json\/wp\/v2\/comments?post=3301"}],"version-history":[{"count":0,"href":"https:\/\/xabianegra.com\/ca\/wp-json\/wp\/v2\/pages\/3301\/revisions"}],"wp:featuredmedia":[{"embeddable":true,"href":"https:\/\/xabianegra.com\/ca\/wp-json\/wp\/v2\/media\/3148"}],"wp:attachment":[{"href":"https:\/\/xabianegra.com\/ca\/wp-json\/wp\/v2\/media?parent=3301"}],"curies":[{"name":"wp","href":"https:\/\/api.w.org\/{rel}","templated":true}]}}